{"id":132,"date":"2015-12-07T16:39:33","date_gmt":"2015-12-07T15:39:33","guid":{"rendered":"http:\/\/paletteduvaldemarne.fr\/?page_id=132"},"modified":"2026-04-28T15:15:05","modified_gmt":"2026-04-28T14:15:05","slug":"appel-a-candidature","status":"publish","type":"page","link":"http:\/\/paletteduvaldemarne.fr\/index.php\/appel-a-candidature\/","title":{"rendered":"Participer \u00e0 notre prochaine exposition"},"content":{"rendered":"\t\t<div data-elementor-type=\"wp-page\" data-elementor-id=\"132\" class=\"elementor elementor-132\">\n\t\t\t\t<div class=\"elementor-element elementor-element-bc4e8a6 e-flex e-con-boxed e-con e-parent\" data-id=\"bc4e8a6\" data-element_type=\"container\">\n\t\t\t\t\t<div class=\"e-con-inner\">\n\t\t\t\t<div class=\"elementor-element elementor-element-28b08c65 elementor-widget elementor-widget-text-editor\" data-id=\"28b08c65\" data-element_type=\"widget\" data-widget_type=\"text-editor.default\">\n\t\t\t\t\t\t\t\t\t<h4 style=\"text-align: center;\">\u00a0<\/h4>\n<p><a href=\"http:\/\/paletteduvaldemarne.fr\/index.php\/appel-a-candidature\/\">Participer \u00e0 notre prochaine exposition<\/a><\/p>\n<h5>du vendredi 18 septembre au mercredi 14 octobre 2026 au Centre des bords de Marne<\/h5>\n<h6>(2 Rue de la Prairie, 94170 Le Perreux-sur-Marne)<\/h6>\n<h4 style=\"text-align: center;\"><span style=\"line-height: 1.5;\"> nous recherchons:<\/span><\/h4>\n<p style=\"text-align: center;\">des artistes amateurs ou professionnels, peintres toutes techniques, dessinateurs, collagistes, photographes, sculpteurs&#8230;<\/p>\n<p style=\"text-align: center;\"><strong>\u00a0<\/strong><\/p>\n<p style=\"text-align: center;\"><span style=\"color: #ff0000;\">La date limite d&rsquo;envoi des dossiers de candidature est fix\u00e9e au<\/span><\/p>\n<p style=\"text-align: center;\"><strong><span style=\"text-decoration: underline;\"><span style=\"color: #ff0000; text-decoration: underline;\">\u00a030 juin 2026<br \/><\/span><\/span><\/strong><\/p>\n<p style=\"text-align: center;\"><span style=\"text-decoration: underline;\">(<a href=\"http:\/\/paletteduvaldemarne.fr\/index.php\/procedure-de-depot\/\" target=\"_blank\" rel=\"noopener noreferrer\">veuillez consulter la rubrique proc\u00e9dure de d\u00e9p\u00f4t<\/a>)<\/span><\/p>\n<p style=\"text-align: center;\">Pour les exposants,<\/p>\n<p style=\"text-align: center;\">le d\u00e9p\u00f4t des \u0153uvres aura lieu le<\/p>\n<p style=\"text-align: center;\"><strong><span style=\"color: #ff0000;\">mercredi 16 septembre de 17h \u00e0 19h<\/span><\/strong><\/p>\n<p style=\"text-align: center;\">Le vernissage\u00a0aura\u00a0lieu le <span style=\"color: #ff0000;\"><strong>vendredi 18 septembre <\/strong><\/span><strong style=\"color: #ff0000;\">\u00e0 19h<\/strong><\/p>\n<p style=\"text-align: center;\">Le retrait se fera le <span style=\"color: #ff0000;\"><strong>\u00a0mercredi 14 octobre de 18h \u00e0 20h<br \/><\/strong><\/span><\/p>\n<p style=\"text-align: center;\">\u00a0<\/p>\n\n<p>\u00a0<\/p>\n\t\t\t\t\t\t\t\t<\/div>\n\t\t\t\t\t<\/div>\n\t\t\t\t<\/div>\n\t\t\t\t<\/div>\n\t\t","protected":false},"excerpt":{"rendered":"<p>\u00a0 Participer \u00e0 notre prochaine exposition du vendredi 18 septembre au mercredi 14 octobre 2026 au Centre des bords de Marne (2 Rue de la Prairie, 94170 Le Perreux-sur-Marne) nous recherchons: des artistes amateurs ou professionnels, peintres toutes techniques, dessinateurs, collagistes, photographes, sculpteurs&#8230; \u00a0 La date limite d&rsquo;envoi des dossiers de candidature est fix\u00e9e au [&hellip;]<\/p>\n","protected":false},"author":1,"featured_media":0,"parent":0,"menu_order":0,"comment_status":"closed","ping_status":"closed","template":"","meta":{"footnotes":""},"class_list":["post-132","page","type-page","status-publish","hentry"],"_links":{"self":[{"href":"http:\/\/paletteduvaldemarne.fr\/index.php\/wp-json\/wp\/v2\/pages\/132","targetHints":{"allow":["GET"]}}],"collection":[{"href":"http:\/\/paletteduvaldemarne.fr\/index.php\/wp-json\/wp\/v2\/pages"}],"about":[{"href":"http:\/\/paletteduvaldemarne.fr\/index.php\/wp-json\/wp\/v2\/types\/page"}],"author":[{"embeddable":true,"href":"http:\/\/paletteduvaldemarne.fr\/index.php\/wp-json\/wp\/v2\/users\/1"}],"replies":[{"embeddable":true,"href":"http:\/\/paletteduvaldemarne.fr\/index.php\/wp-json\/wp\/v2\/comments?post=132"}],"version-history":[{"count":71,"href":"http:\/\/paletteduvaldemarne.fr\/index.php\/wp-json\/wp\/v2\/pages\/132\/revisions"}],"predecessor-version":[{"id":4112,"href":"http:\/\/paletteduvaldemarne.fr\/index.php\/wp-json\/wp\/v2\/pages\/132\/revisions\/4112"}],"wp:attachment":[{"href":"http:\/\/paletteduvaldemarne.fr\/index.php\/wp-json\/wp\/v2\/media?parent=132"}],"curies":[{"name":"wp","href":"https:\/\/api.w.org\/{rel}","templated":true}]}}