{"id":147,"date":"2015-12-07T17:09:04","date_gmt":"2015-12-07T16:09:04","guid":{"rendered":"http:\/\/paletteduvaldemarne.fr\/?page_id=147"},"modified":"2015-12-13T19:56:15","modified_gmt":"2015-12-13T18:56:15","slug":"vernissage-nov-2015","status":"publish","type":"page","link":"http:\/\/paletteduvaldemarne.fr\/index.php\/vernissage-nov-2015\/","title":{"rendered":"Vernissage nov 2015"},"content":{"rendered":"<pre><strong>Plus de 250 personnes exposants et visiteurs \u00e9taient pr\u00e9sents au vernissage\u00a0<\/strong><strong>le 17 novembre <\/strong><strong>\u00e0 la Galerie de Michel de Marmont \u00e0 St-Maur- des-Foss\u00e9s.<\/strong><\/pre>\n<p><img fetchpriority=\"high\" decoding=\"async\" class=\"alignnone size-medium wp-image-158\" src=\"https:\/\/paletteduvaldemarneblog.files.wordpress.com\/2015\/11\/12208484_735548569913993_981616684187103365_n.jpg?w=300&amp;h=200\" alt=\"12208484_735548569913993_981616684187103365_n\" width=\"300\" height=\"200\" \/><a href=\"http:\/\/paletteduvaldemarne.fr\/wp-content\/uploads\/2015\/12\/IMG_0074.jpg\" rel=\"attachment wp-att-271\"><img decoding=\"async\" class=\"alignnone size-medium wp-image-271\" src=\"http:\/\/paletteduvaldemarne.fr\/wp-content\/uploads\/2015\/12\/IMG_0074-300x200.jpg\" alt=\"IMG_0074\" width=\"300\" height=\"200\" srcset=\"http:\/\/paletteduvaldemarne.fr\/wp-content\/uploads\/2015\/12\/IMG_0074-300x200.jpg 300w, http:\/\/paletteduvaldemarne.fr\/wp-content\/uploads\/2015\/12\/IMG_0074-768x512.jpg 768w, http:\/\/paletteduvaldemarne.fr\/wp-content\/uploads\/2015\/12\/IMG_0074-1024x683.jpg 1024w\" sizes=\"(max-width: 300px) 100vw, 300px\" \/><\/a><a href=\"http:\/\/paletteduvaldemarne.fr\/wp-content\/uploads\/2015\/12\/IMG_0060.jpg\" rel=\"attachment wp-att-270\"><img decoding=\"async\" class=\"alignnone size-medium wp-image-270\" src=\"http:\/\/paletteduvaldemarne.fr\/wp-content\/uploads\/2015\/12\/IMG_0060-300x200.jpg\" alt=\"IMG_0060\" width=\"300\" height=\"200\" srcset=\"http:\/\/paletteduvaldemarne.fr\/wp-content\/uploads\/2015\/12\/IMG_0060-300x200.jpg 300w, http:\/\/paletteduvaldemarne.fr\/wp-content\/uploads\/2015\/12\/IMG_0060.jpg 480w\" sizes=\"(max-width: 300px) 100vw, 300px\" \/><\/a><img loading=\"lazy\" decoding=\"async\" class=\"alignnone size-medium wp-image-157\" src=\"https:\/\/paletteduvaldemarneblog.files.wordpress.com\/2015\/11\/11062013_735548726580644_6896599232835105493_n.jpg?w=300&amp;h=200\" alt=\"11062013_735548726580644_6896599232835105493_n\" width=\"300\" height=\"200\" \/><img loading=\"lazy\" decoding=\"async\" class=\"alignnone size-medium wp-image-159\" src=\"https:\/\/paletteduvaldemarneblog.files.wordpress.com\/2015\/11\/12227595_735548799913970_8529684365586365498_n.jpg?w=300&amp;h=200\" alt=\"12227595_735548799913970_8529684365586365498_n\" width=\"300\" height=\"200\" \/><img loading=\"lazy\" decoding=\"async\" class=\"alignnone size-medium wp-image-161\" src=\"https:\/\/paletteduvaldemarneblog.files.wordpress.com\/2015\/11\/12246866_735548473247336_3262774923036369294_n.jpg?w=300&amp;h=200\" alt=\"12246866_735548473247336_3262774923036369294_n\" width=\"300\" height=\"200\" \/><img loading=\"lazy\" decoding=\"async\" class=\"alignnone size-medium wp-image-163\" src=\"https:\/\/paletteduvaldemarneblog.files.wordpress.com\/2015\/11\/12274273_735548716580645_443284426298073305_n.jpg?w=300&amp;h=200\" alt=\"12274273_735548716580645_443284426298073305_n\" width=\"300\" height=\"200\" \/><a href=\"http:\/\/paletteduvaldemarne.fr\/wp-content\/uploads\/2015\/12\/x9.jpg\" rel=\"attachment wp-att-272\"><img loading=\"lazy\" decoding=\"async\" class=\"alignnone size-medium wp-image-272\" src=\"http:\/\/paletteduvaldemarne.fr\/wp-content\/uploads\/2015\/12\/x9-300x200.jpg\" alt=\"x9\" width=\"300\" height=\"200\" srcset=\"http:\/\/paletteduvaldemarne.fr\/wp-content\/uploads\/2015\/12\/x9-300x200.jpg 300w, http:\/\/paletteduvaldemarne.fr\/wp-content\/uploads\/2015\/12\/x9-768x512.jpg 768w, http:\/\/paletteduvaldemarne.fr\/wp-content\/uploads\/2015\/12\/x9-1024x683.jpg 1024w\" sizes=\"(max-width: 300px) 100vw, 300px\" \/><img loading=\"lazy\" decoding=\"async\" class=\"alignnone size-medium wp-image-160\" src=\"https:\/\/paletteduvaldemarneblog.files.wordpress.com\/2015\/11\/12243312_735548809913969_3946188861274485767_n.jpg?w=300&amp;h=200\" alt=\"12243312_735548809913969_3946188861274485767_n\" width=\"300\" height=\"200\" \/><\/a><a href=\"http:\/\/paletteduvaldemarne.fr\/wp-content\/uploads\/2015\/12\/x14.jpg\" rel=\"attachment wp-att-275\"><img loading=\"lazy\" decoding=\"async\" class=\"alignnone size-medium wp-image-275\" src=\"http:\/\/paletteduvaldemarne.fr\/wp-content\/uploads\/2015\/12\/x14-300x200.jpg\" alt=\"x14\" width=\"300\" height=\"200\" srcset=\"http:\/\/paletteduvaldemarne.fr\/wp-content\/uploads\/2015\/12\/x14-300x200.jpg 300w, http:\/\/paletteduvaldemarne.fr\/wp-content\/uploads\/2015\/12\/x14-768x512.jpg 768w, http:\/\/paletteduvaldemarne.fr\/wp-content\/uploads\/2015\/12\/x14-1024x683.jpg 1024w\" sizes=\"(max-width: 300px) 100vw, 300px\" \/><\/a><\/p>\n<p>&nbsp;<\/p>\n","protected":false},"excerpt":{"rendered":"<p>Plus de 250 personnes exposants et visiteurs \u00e9taient pr\u00e9sents au vernissage\u00a0le 17 novembre \u00e0 la Galerie de Michel de Marmont \u00e0 St-Maur- des-Foss\u00e9s. &nbsp;<\/p>\n","protected":false},"author":1,"featured_media":0,"parent":0,"menu_order":0,"comment_status":"closed","ping_status":"closed","template":"","meta":{"footnotes":""},"class_list":["post-147","page","type-page","status-publish","hentry"],"_links":{"self":[{"href":"http:\/\/paletteduvaldemarne.fr\/index.php\/wp-json\/wp\/v2\/pages\/147","targetHints":{"allow":["GET"]}}],"collection":[{"href":"http:\/\/paletteduvaldemarne.fr\/index.php\/wp-json\/wp\/v2\/pages"}],"about":[{"href":"http:\/\/paletteduvaldemarne.fr\/index.php\/wp-json\/wp\/v2\/types\/page"}],"author":[{"embeddable":true,"href":"http:\/\/paletteduvaldemarne.fr\/index.php\/wp-json\/wp\/v2\/users\/1"}],"replies":[{"embeddable":true,"href":"http:\/\/paletteduvaldemarne.fr\/index.php\/wp-json\/wp\/v2\/comments?post=147"}],"version-history":[{"count":7,"href":"http:\/\/paletteduvaldemarne.fr\/index.php\/wp-json\/wp\/v2\/pages\/147\/revisions"}],"predecessor-version":[{"id":276,"href":"http:\/\/paletteduvaldemarne.fr\/index.php\/wp-json\/wp\/v2\/pages\/147\/revisions\/276"}],"wp:attachment":[{"href":"http:\/\/paletteduvaldemarne.fr\/index.php\/wp-json\/wp\/v2\/media?parent=147"}],"curies":[{"name":"wp","href":"https:\/\/api.w.org\/{rel}","templated":true}]}}